{"id":2947,"date":"2026-05-15T20:10:36","date_gmt":"2026-05-15T18:10:36","guid":{"rendered":"https:\/\/recyclingbags.de\/?page_id=2947"},"modified":"2026-05-19T18:33:09","modified_gmt":"2026-05-19T16:33:09","slug":"about-us","status":"publish","type":"page","link":"https:\/\/recyclingbags.de\/en\/ueber-uns\/","title":{"rendered":"About us"},"content":{"rendered":"\t\t<div data-elementor-type=\"wp-page\" data-elementor-id=\"2947\" class=\"elementor elementor-2947\" data-elementor-post-type=\"page\">\n\t\t\t\t<div class=\"elementor-element elementor-element-128a23e e-con-full e-flex e-con e-parent\" data-id=\"128a23e\" data-element_type=\"container\" data-e-type=\"container\" data-settings=\"{&quot;background_background&quot;:&quot;gradient&quot;}\">\n\t\t<div class=\"elementor-element elementor-element-2f5e0df e-flex e-con-boxed e-con e-child\" data-id=\"2f5e0df\" data-element_type=\"container\" data-e-type=\"container\">\n\t\t\t\t\t<div class=\"e-con-inner\">\n\t\t<div class=\"elementor-element elementor-element-21b5338 e-con-full e-flex e-con e-child\" data-id=\"21b5338\" data-element_type=\"container\" data-e-type=\"container\">\n\t\t\t\t<div class=\"elementor-element elementor-element-0961c3c elementor-widget elementor-widget-heading\" data-id=\"0961c3c\" data-element_type=\"widget\" data-e-type=\"widget\" data-widget_type=\"heading.default\">\n\t\t\t\t\t<h5 class=\"elementor-heading-title elementor-size-default\">\u00dcber uns<\/h5>\t\t\t\t<\/div>\n\t\t\t\t<div class=\"elementor-element elementor-element-c991bb4 elementor-widget elementor-widget-heading\" data-id=\"c991bb4\" data-element_type=\"widget\" data-e-type=\"widget\" data-widget_type=\"heading.default\">\n\t\t\t\t\t<h1 class=\"elementor-heading-title elementor-size-default\">Wir machen aus <span style=\"color: #C17F35\">Ausgedientem<\/span> <br>etwas <span style=\"color: #C7FF2F\">Wertvolles. <\/span><\/h1>\t\t\t\t<\/div>\n\t\t\t\t<div class=\"elementor-element elementor-element-d284dd6 elementor-widget elementor-widget-text-editor\" data-id=\"d284dd6\" data-element_type=\"widget\" data-e-type=\"widget\" data-widget_type=\"text-editor.default\">\n\t\t\t\t\t\t\t\t\t<p>Seit 2004 verwandeln wir ausgediente Werbematerialien in hochwertige Upcycling-Taschen \u2013 handgefertigt, nachhaltig und jedes St\u00fcck ein Unikat.<\/p><p>Alles zu unseren <a href=\"https:\/\/recyclingbags.de\/\">Recycling Taschen<\/a> aus recycelten Bannern und LKW-Planen.<\/p>\t\t\t\t\t\t\t\t<\/div>\n\t\t<div class=\"elementor-element elementor-element-282a0f2 e-con-full e-flex e-con e-child\" data-id=\"282a0f2\" data-element_type=\"container\" data-e-type=\"container\">\n\t\t<div class=\"elementor-element elementor-element-c2a7ad2 e-con-full e-flex e-con e-child\" data-id=\"c2a7ad2\" data-element_type=\"container\" data-e-type=\"container\">\n\t\t\t\t<div class=\"elementor-element elementor-element-05b193a elementor-widget elementor-widget-heading\" data-id=\"05b193a\" data-element_type=\"widget\" data-e-type=\"widget\" data-widget_type=\"heading.default\">\n\t\t\t\t\t<h3 class=\"elementor-heading-title elementor-size-default\">20+<\/h3>\t\t\t\t<\/div>\n\t\t\t\t<div class=\"elementor-element elementor-element-b8d7347 elementor-widget elementor-widget-text-editor\" data-id=\"b8d7347\" data-element_type=\"widget\" data-e-type=\"widget\" data-widget_type=\"text-editor.default\">\n\t\t\t\t\t\t\t\t\t<p style=\"text-align: left;\">Jahre Erfahrung <br \/>im Upcycling<\/p>\t\t\t\t\t\t\t\t<\/div>\n\t\t\t\t<\/div>\n\t\t<div class=\"elementor-element elementor-element-b38e5ef e-con-full e-flex e-con e-child\" data-id=\"b38e5ef\" data-element_type=\"container\" data-e-type=\"container\">\n\t\t\t\t<div class=\"elementor-element elementor-element-25e4e87 elementor-widget elementor-widget-heading\" data-id=\"25e4e87\" data-element_type=\"widget\" data-e-type=\"widget\" data-widget_type=\"heading.default\">\n\t\t\t\t\t<h3 class=\"elementor-heading-title elementor-size-default\">500k+<\/h3>\t\t\t\t<\/div>\n\t\t\t\t<div class=\"elementor-element elementor-element-4ac0584 elementor-widget elementor-widget-text-editor\" data-id=\"4ac0584\" data-element_type=\"widget\" data-e-type=\"widget\" data-widget_type=\"text-editor.default\">\n\t\t\t\t\t\t\t\t\t<p style=\"text-align: left;\">Produzierte<br \/>Unikat-Taschen<\/p>\t\t\t\t\t\t\t\t<\/div>\n\t\t\t\t<\/div>\n\t\t<div class=\"elementor-element elementor-element-af2e597 e-con-full e-flex e-con e-child\" data-id=\"af2e597\" data-element_type=\"container\" data-e-type=\"container\">\n\t\t\t\t<div class=\"elementor-element elementor-element-24812f9 elementor-widget elementor-widget-heading\" data-id=\"24812f9\" data-element_type=\"widget\" data-e-type=\"widget\" data-widget_type=\"heading.default\">\n\t\t\t\t\t<h3 class=\"elementor-heading-title elementor-size-default\">97%<\/h3>\t\t\t\t<\/div>\n\t\t\t\t<div class=\"elementor-element elementor-element-b78c1d3 elementor-widget elementor-widget-text-editor\" data-id=\"b78c1d3\" data-element_type=\"widget\" data-e-type=\"widget\" data-widget_type=\"text-editor.default\">\n\t\t\t\t\t\t\t\t\t<p style=\"text-align: left;\">Recyclinganteil<\/p>\t\t\t\t\t\t\t\t<\/div>\n\t\t\t\t<\/div>\n\t\t\t\t<\/div>\n\t\t\t\t<\/div>\n\t\t<div class=\"elementor-element elementor-element-9f229b9 e-con-full e-flex e-con e-child\" data-id=\"9f229b9\" data-element_type=\"container\" data-e-type=\"container\">\n\t\t<div class=\"elementor-element elementor-element-ca5359c e-con-full e-flex e-con e-child\" data-id=\"ca5359c\" data-element_type=\"container\" data-e-type=\"container\" data-settings=\"{&quot;background_background&quot;:&quot;classic&quot;}\">\n\t\t<div class=\"elementor-element elementor-element-85e091b e-con-full e-flex e-con e-child\" data-id=\"85e091b\" data-element_type=\"container\" data-e-type=\"container\">\n\t\t\t\t<div class=\"elementor-element elementor-element-a8fdef9 elementor-widget elementor-widget-image\" data-id=\"a8fdef9\" data-element_type=\"widget\" data-e-type=\"widget\" data-widget_type=\"image.default\">\n\t\t\t\t\t\t\t\t\t\t\t\t\t\t\t<img fetchpriority=\"high\" decoding=\"async\" width=\"768\" height=\"512\" src=\"https:\/\/recyclingbags.de\/wp-content\/uploads\/2026\/05\/MG_6812-768x512.jpg\" class=\"elementor-animation-grow attachment-medium_large size-medium_large wp-image-2961\" alt=\"Die ersten Unikate 2005\" srcset=\"https:\/\/recyclingbags.de\/wp-content\/uploads\/2026\/05\/MG_6812-768x512.jpg 768w, https:\/\/recyclingbags.de\/wp-content\/uploads\/2026\/05\/MG_6812-300x200.jpg 300w, https:\/\/recyclingbags.de\/wp-content\/uploads\/2026\/05\/MG_6812-1024x683.jpg 1024w, https:\/\/recyclingbags.de\/wp-content\/uploads\/2026\/05\/MG_6812-1536x1024.jpg 1536w, https:\/\/recyclingbags.de\/wp-content\/uploads\/2026\/05\/MG_6812-2048x1365.jpg 2048w, https:\/\/recyclingbags.de\/wp-content\/uploads\/2026\/05\/MG_6812-600x400.jpg 600w\" sizes=\"(max-width: 768px) 100vw, 768px\" title=\"\">\t\t\t\t\t\t\t\t\t\t\t\t\t\t\t<\/div>\n\t\t\t\t<\/div>\n\t\t<div class=\"elementor-element elementor-element-69e7ee9 e-con-full e-flex e-con e-child\" data-id=\"69e7ee9\" data-element_type=\"container\" data-e-type=\"container\">\n\t\t\t\t<div class=\"elementor-element elementor-element-d8c5764 elementor-widget elementor-widget-image\" data-id=\"d8c5764\" data-element_type=\"widget\" data-e-type=\"widget\" data-widget_type=\"image.default\">\n\t\t\t\t\t\t\t\t\t\t\t\t\t\t\t<img decoding=\"async\" width=\"300\" height=\"200\" src=\"https:\/\/recyclingbags.de\/wp-content\/uploads\/2026\/05\/IMG_9082-300x200.jpg\" class=\"elementor-animation-grow attachment-medium size-medium wp-image-2963\" alt=\"Die ersten Unikate 2005 aus Lkw-Planen\" srcset=\"https:\/\/recyclingbags.de\/wp-content\/uploads\/2026\/05\/IMG_9082-300x200.jpg 300w, https:\/\/recyclingbags.de\/wp-content\/uploads\/2026\/05\/IMG_9082-768x512.jpg 768w, https:\/\/recyclingbags.de\/wp-content\/uploads\/2026\/05\/IMG_9082-600x400.jpg 600w, https:\/\/recyclingbags.de\/wp-content\/uploads\/2026\/05\/IMG_9082.jpg 1024w\" sizes=\"(max-width: 300px) 100vw, 300px\" title=\"\">\t\t\t\t\t\t\t\t\t\t\t\t\t\t\t<\/div>\n\t\t\t\t<\/div>\n\t\t<div class=\"elementor-element elementor-element-3a8277b e-con-full e-flex e-con e-child\" data-id=\"3a8277b\" data-element_type=\"container\" data-e-type=\"container\">\n\t\t\t\t<div class=\"elementor-element elementor-element-d44def0 elementor-widget elementor-widget-image\" data-id=\"d44def0\" data-element_type=\"widget\" data-e-type=\"widget\" data-widget_type=\"image.default\">\n\t\t\t\t\t\t\t\t\t\t\t\t\t\t\t<img decoding=\"async\" width=\"300\" height=\"200\" src=\"https:\/\/recyclingbags.de\/wp-content\/uploads\/2026\/05\/IMG_9107_02-300x200.jpg\" class=\"elementor-animation-grow attachment-medium size-medium wp-image-2964\" alt=\"\" srcset=\"https:\/\/recyclingbags.de\/wp-content\/uploads\/2026\/05\/IMG_9107_02-300x200.jpg 300w, https:\/\/recyclingbags.de\/wp-content\/uploads\/2026\/05\/IMG_9107_02-768x512.jpg 768w, https:\/\/recyclingbags.de\/wp-content\/uploads\/2026\/05\/IMG_9107_02-600x400.jpg 600w, https:\/\/recyclingbags.de\/wp-content\/uploads\/2026\/05\/IMG_9107_02.jpg 1024w\" sizes=\"(max-width: 300px) 100vw, 300px\" title=\"\">\t\t\t\t\t\t\t\t\t\t\t\t\t\t\t<\/div>\n\t\t\t\t<\/div>\n\t\t<div class=\"elementor-element elementor-element-cb12dc0 e-con-full e-flex e-con e-child\" data-id=\"cb12dc0\" data-element_type=\"container\" data-e-type=\"container\">\n\t\t\t\t<div class=\"elementor-element elementor-element-2715825 elementor-widget elementor-widget-image\" data-id=\"2715825\" data-element_type=\"widget\" data-e-type=\"widget\" data-widget_type=\"image.default\">\n\t\t\t\t\t\t\t\t\t\t\t\t\t\t\t<img loading=\"lazy\" decoding=\"async\" width=\"768\" height=\"512\" src=\"https:\/\/recyclingbags.de\/wp-content\/uploads\/2026\/05\/MG_6413-768x512.jpg\" class=\"elementor-animation-grow attachment-medium_large size-medium_large wp-image-2962\" alt=\"Die ersten Unikate 2005 aus Armee-Planen\" srcset=\"https:\/\/recyclingbags.de\/wp-content\/uploads\/2026\/05\/MG_6413-768x512.jpg 768w, https:\/\/recyclingbags.de\/wp-content\/uploads\/2026\/05\/MG_6413-300x200.jpg 300w, https:\/\/recyclingbags.de\/wp-content\/uploads\/2026\/05\/MG_6413-1024x683.jpg 1024w, https:\/\/recyclingbags.de\/wp-content\/uploads\/2026\/05\/MG_6413-1536x1024.jpg 1536w, https:\/\/recyclingbags.de\/wp-content\/uploads\/2026\/05\/MG_6413-600x400.jpg 600w, https:\/\/recyclingbags.de\/wp-content\/uploads\/2026\/05\/MG_6413.jpg 1728w\" sizes=\"(max-width: 768px) 100vw, 768px\" title=\"\">\t\t\t\t\t\t\t\t\t\t\t\t\t\t\t<\/div>\n\t\t\t\t<\/div>\n\t\t\t\t<\/div>\n\t\t\t\t<div class=\"elementor-element elementor-element-9c19f67 elementor-widget elementor-widget-text-editor\" data-id=\"9c19f67\" data-element_type=\"widget\" data-e-type=\"widget\" data-widget_type=\"text-editor.default\">\n\t\t\t\t\t\t\t\t\t<p>Originalbilder aus 2005. Die ersten Unikate aus Armee- und Lkw-Planen<\/p>\t\t\t\t\t\t\t\t<\/div>\n\t\t\t\t<\/div>\n\t\t\t\t\t<\/div>\n\t\t\t\t<\/div>\n\t\t\t\t<\/div>\n\t\t<div class=\"elementor-element elementor-element-d19ae45 e-flex e-con-boxed e-con e-parent\" data-id=\"d19ae45\" data-element_type=\"container\" data-e-type=\"container\" data-settings=\"{&quot;background_background&quot;:&quot;classic&quot;}\">\n\t\t\t\t\t<div class=\"e-con-inner\">\n\t\t<div class=\"elementor-element elementor-element-6b3bef7 e-flex e-con-boxed e-con e-child\" data-id=\"6b3bef7\" data-element_type=\"container\" data-e-type=\"container\" data-settings=\"{&quot;background_background&quot;:&quot;classic&quot;}\">\n\t\t\t\t\t<div class=\"e-con-inner\">\n\t\t<div class=\"elementor-element elementor-element-e4a6a12 e-con-full e-flex e-con e-child\" data-id=\"e4a6a12\" data-element_type=\"container\" data-e-type=\"container\">\n\t\t\t\t<div class=\"elementor-element elementor-element-d4deeac elementor-widget elementor-widget-heading\" data-id=\"d4deeac\" data-element_type=\"widget\" data-e-type=\"widget\" data-widget_type=\"heading.default\">\n\t\t\t\t\t<h5 class=\"elementor-heading-title elementor-size-default\">Die Geschichte<\/h5>\t\t\t\t<\/div>\n\t\t\t\t<div class=\"elementor-element elementor-element-8da8745 elementor-widget elementor-widget-heading\" data-id=\"8da8745\" data-element_type=\"widget\" data-e-type=\"widget\" data-widget_type=\"heading.default\">\n\t\t\t\t\t<p class=\"elementor-heading-title elementor-size-default\">Gegr\u00fcndet 2004<\/p>\t\t\t\t<\/div>\n\t\t\t\t<div class=\"elementor-element elementor-element-a8068fe elementor-widget elementor-widget-heading\" data-id=\"a8068fe\" data-element_type=\"widget\" data-e-type=\"widget\" data-widget_type=\"heading.default\">\n\t\t\t\t\t<h2 class=\"elementor-heading-title elementor-size-default\">Eine Idee aus dem <br>Studium. Eine Firma<br> f\u00fcrs Leben.<\/h2>\t\t\t\t<\/div>\n\t\t\t\t<\/div>\n\t\t<div class=\"elementor-element elementor-element-5221fbb e-con-full e-flex e-con e-child\" data-id=\"5221fbb\" data-element_type=\"container\" data-e-type=\"container\">\n\t\t\t\t<div class=\"elementor-element elementor-element-079fa28 elementor-widget elementor-widget-text-editor\" data-id=\"079fa28\" data-element_type=\"widget\" data-e-type=\"widget\" data-widget_type=\"text-editor.default\">\n\t\t\t\t\t\t\t\t\t<p>Es war eine dieser simplen Fragen, die alles ver\u00e4ndern: Was passiert eigentlich mit all den Bannern, Planen und Messew\u00e4nden, wenn eine Kampagne vorbei ist?<\/p><p>Eine Idee, entstanden im Studium, aus gebrauchten Werbebannern und Lkw-Planen rubuste, einmalige Taschen herzustellen \u2013 jedes St\u00fcck ein Unikat mit Geschichte.\u00a0<\/p>\t\t\t\t\t\t\t\t<\/div>\n\t\t\t\t<div class=\"elementor-element elementor-element-af5b16b elementor-widget elementor-widget-text-editor\" data-id=\"af5b16b\" data-element_type=\"widget\" data-e-type=\"widget\" data-widget_type=\"text-editor.default\">\n\t\t\t\t\t\t\t\t\t<p><em>\u201eDie Idee war simpel: Daraus Taschen machen. Cool und nachhaltig. Individuell und langlebig. Und f\u00fcr Laptops! Alles auf einmal.&#8220;<\/em><\/p>\t\t\t\t\t\t\t\t<\/div>\n\t\t\t\t<div class=\"elementor-element elementor-element-7193d2b elementor-widget elementor-widget-text-editor\" data-id=\"7193d2b\" data-element_type=\"widget\" data-e-type=\"widget\" data-widget_type=\"text-editor.default\">\n\t\t\t\t\t\t\t\t\t<p>Und da am Anfang der 2000er Laptops anfingen zur Studienausstattung zu geh\u00f6ren, waren die ersten Taschen unter dem Label b.payne damals Studientaschen mit gepolstertem Laptopfach.&nbsp;<\/p>\n<p>2004 wurde aus der Studienidee ein Unternehmen.&nbsp;Jede Tasche, die unser Werk verl\u00e4sst, ist der Beweis, dass nachhaltiges Wirtschaften und echter Stil kein Widerspruch sein m\u00fcssen.<\/p>\n<p>Heute, 20 Jahre sp\u00e4ter, arbeiten wir mit einem eingespielten Team von insgesamt 30 Leuten \u2013 in Neu Wulmstorf bei Hamburg und in unserem Partnerwerk in Polen.<\/p>\t\t\t\t\t\t\t\t<\/div>\n\t\t\t\t<\/div>\n\t\t\t\t\t<\/div>\n\t\t\t\t<\/div>\n\t\t\t\t\t<\/div>\n\t\t\t\t<\/div>\n\t\t<div class=\"elementor-element elementor-element-6773da8 e-con-full e-flex e-con e-parent\" data-id=\"6773da8\" data-element_type=\"container\" data-e-type=\"container\">\n\t\t<div class=\"elementor-element elementor-element-a73ca6c e-flex e-con-boxed e-con e-child\" data-id=\"a73ca6c\" data-element_type=\"container\" data-e-type=\"container\">\n\t\t\t\t\t<div class=\"e-con-inner\">\n\t\t<div class=\"elementor-element elementor-element-6592214 e-flex e-con-boxed e-con e-child\" data-id=\"6592214\" data-element_type=\"container\" data-e-type=\"container\">\n\t\t\t\t\t<div class=\"e-con-inner\">\n\t\t\t\t<div class=\"elementor-element elementor-element-72ea5f0 elementor-widget elementor-widget-heading\" data-id=\"72ea5f0\" data-element_type=\"widget\" data-e-type=\"widget\" data-widget_type=\"heading.default\">\n\t\t\t\t\t<h5 class=\"elementor-heading-title elementor-size-default\">Das Team<\/h5>\t\t\t\t<\/div>\n\t\t\t\t<div class=\"elementor-element elementor-element-e24150e elementor-widget elementor-widget-heading\" data-id=\"e24150e\" data-element_type=\"widget\" data-e-type=\"widget\" data-widget_type=\"heading.default\">\n\t\t\t\t\t<h2 class=\"elementor-heading-title elementor-size-default\">F\u00fcnf Menschen. Eine gemeinsame \u00dcberzeugung.<\/h2>\t\t\t\t<\/div>\n\t\t<div class=\"elementor-element elementor-element-e1bf7eb e-con-full e-flex e-con e-child\" data-id=\"e1bf7eb\" data-element_type=\"container\" data-e-type=\"container\">\n\t\t<div class=\"elementor-element elementor-element-145ad07 e-con-full e-flex e-con e-child\" data-id=\"145ad07\" data-element_type=\"container\" data-e-type=\"container\">\n\t\t<div class=\"elementor-element elementor-element-9066019 e-con-full e-flex e-con e-child\" data-id=\"9066019\" data-element_type=\"container\" data-e-type=\"container\" data-settings=\"{&quot;background_background&quot;:&quot;classic&quot;,&quot;motion_fx_motion_fx_scrolling&quot;:&quot;yes&quot;,&quot;motion_fx_devices&quot;:[&quot;desktop&quot;,&quot;tablet&quot;,&quot;mobile&quot;]}\">\n\t\t\t\t<div class=\"elementor-element elementor-element-959ea22 elementor-widget elementor-widget-text-editor\" data-id=\"959ea22\" data-element_type=\"widget\" data-e-type=\"widget\" data-widget_type=\"text-editor.default\">\n\t\t\t\t\t\t\t\t\t<div style=\"width:56px; height:56px; border-radius:50%; background:#1c3a1e; color:#f7f3ed; display:flex; align-items:center; justify-content:center; font-family:'DM Serif Display', Georgia, serif; font-size:1.4rem; margin-bottom:1.2rem;\">B<\/div>\t\t\t\t\t\t\t\t<\/div>\n\t\t\t\t<div class=\"elementor-element elementor-element-e0442c8 elementor-widget elementor-widget-heading\" data-id=\"e0442c8\" data-element_type=\"widget\" data-e-type=\"widget\" data-widget_type=\"heading.default\">\n\t\t\t\t\t<h2 class=\"elementor-heading-title elementor-size-default\">Berrick Payne<\/h2>\t\t\t\t<\/div>\n\t\t\t\t<div class=\"elementor-element elementor-element-04e59d6 elementor-widget elementor-widget-text-editor\" data-id=\"04e59d6\" data-element_type=\"widget\" data-e-type=\"widget\" data-widget_type=\"text-editor.default\">\n\t\t\t\t\t\t\t\t\t<p>Gr\u00fcnder &amp; Gesch\u00e4ftsf\u00fchrer<\/p>\t\t\t\t\t\t\t\t<\/div>\n\t\t\t\t<div class=\"elementor-element elementor-element-043498f elementor-widget elementor-widget-text-editor\" data-id=\"043498f\" data-element_type=\"widget\" data-e-type=\"widget\" data-widget_type=\"text-editor.default\">\n\t\t\t\t\t\t\t\t\t<p>Berrick hat Recyclingbags.de aus einer Studienidee heraus aufgebaut und seither konsequent weiterentwickelt. Sein Antrieb war damals wie heute derselbe: nachhaltiges Wirtschaften und echtes Handwerk miteinander verbinden.<\/p><p><span style=\"display: inline-block; background: rgba(44,90,48,0.08); color: #2d5a30; font-size: 11px; font-weight: 600; letter-spacing: 0.08em; padding: 4px 10px; border-radius: 2px;\">SEIT 2005<\/span><\/p>\t\t\t\t\t\t\t\t<\/div>\n\t\t\t\t<\/div>\n\t\t<div class=\"elementor-element elementor-element-c5bf148 e-con-full e-flex e-con e-child\" data-id=\"c5bf148\" data-element_type=\"container\" data-e-type=\"container\" data-settings=\"{&quot;background_background&quot;:&quot;classic&quot;,&quot;motion_fx_motion_fx_scrolling&quot;:&quot;yes&quot;,&quot;motion_fx_devices&quot;:[&quot;desktop&quot;,&quot;tablet&quot;,&quot;mobile&quot;]}\">\n\t\t\t\t<div class=\"elementor-element elementor-element-5fd2cd9 elementor-widget elementor-widget-text-editor\" data-id=\"5fd2cd9\" data-element_type=\"widget\" data-e-type=\"widget\" data-widget_type=\"text-editor.default\">\n\t\t\t\t\t\t\t\t\t<div style=\"width:56px; height:56px; border-radius:50%; background:#d4622a; color:#ffffff; display:flex; align-items:center; justify-content:center; font-family:'DM Serif Display', Georgia, serif; font-size:1.4rem; margin-bottom:1.2rem;\">J<\/div>\t\t\t\t\t\t\t\t<\/div>\n\t\t\t\t<div class=\"elementor-element elementor-element-be47354 elementor-widget elementor-widget-heading\" data-id=\"be47354\" data-element_type=\"widget\" data-e-type=\"widget\" data-widget_type=\"heading.default\">\n\t\t\t\t\t<h2 class=\"elementor-heading-title elementor-size-default\">Jessica Payne<\/h2>\t\t\t\t<\/div>\n\t\t\t\t<div class=\"elementor-element elementor-element-9d5ded1 elementor-widget elementor-widget-text-editor\" data-id=\"9d5ded1\" data-element_type=\"widget\" data-e-type=\"widget\" data-widget_type=\"text-editor.default\">\n\t\t\t\t\t\t\t\t\t<p>Marketing &amp; Kundenbeziehungen<\/p>\t\t\t\t\t\t\t\t<\/div>\n\t\t\t\t<div class=\"elementor-element elementor-element-2592553 elementor-widget elementor-widget-text-editor\" data-id=\"2592553\" data-element_type=\"widget\" data-e-type=\"widget\" data-widget_type=\"text-editor.default\">\n\t\t\t\t\t\t\t\t\t<p>Jessica bringt Marketing-Expertise und kennt die Bed\u00fcrfnisse unserer B2B-Kunden aus dem Effeff. Sie wei\u00df, wie man aus einem Upcycling-Projekt eine echte PR-Geschichte macht.<\/p><p><span style=\"display: inline-block; background: rgba(44,90,48,0.08); color: #2d5a30; font-size: 11px; font-weight: 600; letter-spacing: 0.08em; padding: 4px 10px; border-radius: 2px;\">SEIT 2010<\/span><\/p>\t\t\t\t\t\t\t\t<\/div>\n\t\t\t\t<\/div>\n\t\t\t\t<\/div>\n\t\t<div class=\"elementor-element elementor-element-12bd877 e-con-full e-flex e-con e-child\" data-id=\"12bd877\" data-element_type=\"container\" data-e-type=\"container\">\n\t\t<div class=\"elementor-element elementor-element-99d38cf e-con-full e-flex e-con e-child\" data-id=\"99d38cf\" data-element_type=\"container\" data-e-type=\"container\" data-settings=\"{&quot;background_background&quot;:&quot;classic&quot;,&quot;motion_fx_motion_fx_scrolling&quot;:&quot;yes&quot;,&quot;motion_fx_devices&quot;:[&quot;desktop&quot;,&quot;tablet&quot;,&quot;mobile&quot;]}\">\n\t\t\t\t<div class=\"elementor-element elementor-element-b26c195 elementor-widget elementor-widget-text-editor\" data-id=\"b26c195\" data-element_type=\"widget\" data-e-type=\"widget\" data-widget_type=\"text-editor.default\">\n\t\t\t\t\t\t\t\t\t<div style=\"width:56px; height:56px; border-radius:50%; background:#4a8c4e; color:#ffffff; display:flex; align-items:center; justify-content:center; font-family:'DM Serif Display', Georgia, serif; font-size:1.4rem; margin-bottom:1.2rem;\">A<\/div>\t\t\t\t\t\t\t\t<\/div>\n\t\t\t\t<div class=\"elementor-element elementor-element-614e163 elementor-widget elementor-widget-heading\" data-id=\"614e163\" data-element_type=\"widget\" data-e-type=\"widget\" data-widget_type=\"heading.default\">\n\t\t\t\t\t<h2 class=\"elementor-heading-title elementor-size-default\">Aiga H\u00f6ppner<\/h2>\t\t\t\t<\/div>\n\t\t\t\t<div class=\"elementor-element elementor-element-7e10b7f elementor-widget elementor-widget-text-editor\" data-id=\"7e10b7f\" data-element_type=\"widget\" data-e-type=\"widget\" data-widget_type=\"text-editor.default\">\n\t\t\t\t\t\t\t\t\t<p>Grafik &amp; Kundenbetreuung<\/p>\t\t\t\t\t\t\t\t<\/div>\n\t\t\t\t<div class=\"elementor-element elementor-element-d7b3acb elementor-widget elementor-widget-text-editor\" data-id=\"d7b3acb\" data-element_type=\"widget\" data-e-type=\"widget\" data-widget_type=\"text-editor.default\">\n\t\t\t\t\t\t\t\t\t<p>Aiga ist die kreative Konstante im Team. Sie betreut unsere Kunden vom ersten Entwurf bis zur fertigen Tasche und sorgt daf\u00fcr, dass jedes Branding sitzt \u2013 optisch und inhaltlich.<\/p><p><span style=\"display: inline-block; background: rgba(44,90,48,0.08); color: #2d5a30; font-size: 11px; font-weight: 600; letter-spacing: 0.08em; padding: 4px 10px; border-radius: 2px;\">SEIT 2019<\/span><\/p>\t\t\t\t\t\t\t\t<\/div>\n\t\t\t\t<\/div>\n\t\t<div class=\"elementor-element elementor-element-56c70fd e-con-full e-flex e-con e-child\" data-id=\"56c70fd\" data-element_type=\"container\" data-e-type=\"container\" data-settings=\"{&quot;background_background&quot;:&quot;classic&quot;,&quot;motion_fx_motion_fx_scrolling&quot;:&quot;yes&quot;,&quot;motion_fx_devices&quot;:[&quot;desktop&quot;,&quot;tablet&quot;,&quot;mobile&quot;]}\">\n\t\t\t\t<div class=\"elementor-element elementor-element-57acdb4 elementor-widget elementor-widget-text-editor\" data-id=\"57acdb4\" data-element_type=\"widget\" data-e-type=\"widget\" data-widget_type=\"text-editor.default\">\n\t\t\t\t\t\t\t\t\t<div style=\"width:56px; height:56px; border-radius:50%; background:#e8b84b; color:#1c3a1e; display:flex; align-items:center; justify-content:center; font-family:'DM Serif Display', Georgia, serif; font-size:1.4rem; margin-bottom:1.2rem;\">L<\/div>\t\t\t\t\t\t\t\t<\/div>\n\t\t\t\t<div class=\"elementor-element elementor-element-8f34ed1 elementor-widget elementor-widget-heading\" data-id=\"8f34ed1\" data-element_type=\"widget\" data-e-type=\"widget\" data-widget_type=\"heading.default\">\n\t\t\t\t\t<h2 class=\"elementor-heading-title elementor-size-default\">Lia Payne<\/h2>\t\t\t\t<\/div>\n\t\t\t\t<div class=\"elementor-element elementor-element-c720ebc elementor-widget elementor-widget-text-editor\" data-id=\"c720ebc\" data-element_type=\"widget\" data-e-type=\"widget\" data-widget_type=\"text-editor.default\">\n\t\t\t\t\t\t\t\t\t<p>content &amp; medien<\/p>\t\t\t\t\t\t\t\t<\/div>\n\t\t\t\t<div class=\"elementor-element elementor-element-a847d4e elementor-widget elementor-widget-text-editor\" data-id=\"a847d4e\" data-element_type=\"widget\" data-e-type=\"widget\" data-widget_type=\"text-editor.default\">\n\t\t\t\t\t\t\t\t\t<p>Lia ist die J\u00fcngste im Team und bringt frischen Wind mit. Als angehende Kommunikations- und Mediendesigerin flie\u00dft ihr Know-how direkt in unsere Au\u00dfenkommunikation ein \u2013 Social Media, Grafik, Foto, Video.<\/p><p><span style=\"display: inline-block; background: rgba(44,90,48,0.08); color: #2d5a30; font-size: 11px; font-weight: 600; letter-spacing: 0.08em; padding: 4px 10px; border-radius: 2px;\">SEIT 2025<\/span><\/p>\t\t\t\t\t\t\t\t<\/div>\n\t\t\t\t<\/div>\n\t\t<div class=\"elementor-element elementor-element-cbed015 e-con-full e-flex e-con e-child\" data-id=\"cbed015\" data-element_type=\"container\" data-e-type=\"container\" data-settings=\"{&quot;background_background&quot;:&quot;classic&quot;,&quot;motion_fx_motion_fx_scrolling&quot;:&quot;yes&quot;,&quot;motion_fx_devices&quot;:[&quot;desktop&quot;,&quot;tablet&quot;,&quot;mobile&quot;]}\">\n\t\t\t\t<div class=\"elementor-element elementor-element-206d45f elementor-widget elementor-widget-text-editor\" data-id=\"206d45f\" data-element_type=\"widget\" data-e-type=\"widget\" data-widget_type=\"text-editor.default\">\n\t\t\t\t\t\t\t\t\t<div style=\"width:56px; height:56px; border-radius:50%; background:#8B6F47; color:#ffffff; display:flex; align-items:center; justify-content:center; font-family:'DM Serif Display', Georgia, serif; font-size:1.4rem; margin-bottom:1.2rem;\">C<\/div>\t\t\t\t\t\t\t\t<\/div>\n\t\t\t\t<div class=\"elementor-element elementor-element-a996559 elementor-widget elementor-widget-heading\" data-id=\"a996559\" data-element_type=\"widget\" data-e-type=\"widget\" data-widget_type=\"heading.default\">\n\t\t\t\t\t<h2 class=\"elementor-heading-title elementor-size-default\">Carmen Haesloop<\/h2>\t\t\t\t<\/div>\n\t\t\t\t<div class=\"elementor-element elementor-element-443083b elementor-widget elementor-widget-text-editor\" data-id=\"443083b\" data-element_type=\"widget\" data-e-type=\"widget\" data-widget_type=\"text-editor.default\">\n\t\t\t\t\t\t\t\t\t<p>Buchhaltung &amp; Verwaltung<\/p>\t\t\t\t\t\t\t\t<\/div>\n\t\t\t\t<div class=\"elementor-element elementor-element-dc6f77e elementor-widget elementor-widget-text-editor\" data-id=\"dc6f77e\" data-element_type=\"widget\" data-e-type=\"widget\" data-widget_type=\"text-editor.default\">\n\t\t\t\t\t\t\t\t\t<p>Carmen h\u00e4lt im Hintergrund alle F\u00e4den zusammen. Sie sorgt daf\u00fcr, dass Termine eingehalten werden, die Buchhaltung stimmt und das Rechnungswesen reibungslos l\u00e4uft \u2013 damit sich der Rest des Teams voll auf die Kunden und die Produktion konzentrieren kann.<\/p><p><span style=\"display: inline-block; background: rgba(44,90,48,0.08); color: #2d5a30; font-size: 11px; font-weight: 600; letter-spacing: 0.08em; padding: 4px 10px; border-radius: 2px;\">SEIT 2023<\/span><\/p>\t\t\t\t\t\t\t\t<\/div>\n\t\t\t\t<\/div>\n\t\t\t\t<\/div>\n\t\t\t\t<\/div>\n\t\t<div class=\"elementor-element elementor-element-8fba722 e-con-full e-flex e-con e-child\" data-id=\"8fba722\" data-element_type=\"container\" data-e-type=\"container\">\n\t\t<div class=\"elementor-element elementor-element-b665adf e-con-full e-flex e-con e-child\" data-id=\"b665adf\" data-element_type=\"container\" data-e-type=\"container\" data-settings=\"{&quot;background_background&quot;:&quot;classic&quot;}\">\n\t\t\t\t<div class=\"elementor-element elementor-element-5a653b3 elementor-widget elementor-widget-heading\" data-id=\"5a653b3\" data-element_type=\"widget\" data-e-type=\"widget\" data-widget_type=\"heading.default\">\n\t\t\t\t\t<h2 class=\"elementor-heading-title elementor-size-default\">Das Werk in Polen<\/h2>\t\t\t\t<\/div>\n\t\t\t\t<div class=\"elementor-element elementor-element-ca2c0bc elementor-widget elementor-widget-text-editor\" data-id=\"ca2c0bc\" data-element_type=\"widget\" data-e-type=\"widget\" data-widget_type=\"text-editor.default\">\n\t\t\t\t\t\t\t\t\t<p>In unserem Partnerwerk in Gr\u00fcnberg, Polen, entstehen alle Taschen in Handarbeit. Einmal w\u00f6chentlich bringen wir das gesammelte Kundenmaterial per Sammelpendelverkehr ins Werk.<\/p><p>Dort wird gereinigt, h\u00e4ndisch zugeschnitten, gen\u00e4ht, gebrandmarkt und verpackt.<\/p>\t\t\t\t\t\t\t\t<\/div>\n\t\t\t\t<div class=\"elementor-element elementor-element-d5e62df elementor-widget elementor-widget-heading\" data-id=\"d5e62df\" data-element_type=\"widget\" data-e-type=\"widget\" data-widget_type=\"heading.default\">\n\t\t\t\t\t<h3 class=\"elementor-heading-title elementor-size-default\">30<\/h3>\t\t\t\t<\/div>\n\t\t\t\t<div class=\"elementor-element elementor-element-1865f57 elementor-widget elementor-widget-text-editor\" data-id=\"1865f57\" data-element_type=\"widget\" data-e-type=\"widget\" data-widget_type=\"text-editor.default\">\n\t\t\t\t\t\t\t\t\t<p>Erfahrene Fachkr\u00e4fte im Werk in Gr\u00fcnberg<\/p>\t\t\t\t\t\t\t\t<\/div>\n\t\t\t\t<\/div>\n\t\t<div class=\"elementor-element elementor-element-429585d e-con-full e-flex e-con e-child\" data-id=\"429585d\" data-element_type=\"container\" data-e-type=\"container\" data-settings=\"{&quot;background_background&quot;:&quot;classic&quot;}\">\n\t\t\t\t<div class=\"elementor-element elementor-element-03a40c5 elementor-widget elementor-widget-text-editor\" data-id=\"03a40c5\" data-element_type=\"widget\" data-e-type=\"widget\" data-widget_type=\"text-editor.default\">\n\t\t\t\t\t\t\t\t\t<p><span class=\"step-num\"><span style=\"color: #1e4d2b;\">01<\/span>\u00a0 \u00a0 <\/span><span class=\"step-text\">Materialanlieferung per Sammelpendelverkehr<\/span><\/p><p><span class=\"step-num\"><span style=\"color: #1e4d2b;\">02<\/span>\u00a0 \u00a0\u00a0<\/span><span class=\"step-text\">Beidseitige Reinigung durch Fachkr\u00e4fte<\/span><\/p><p><span class=\"step-num\"><span style=\"color: #1e4d2b;\">03<\/span>\u00a0 \u00a0\u00a0<\/span><span class=\"step-text\">H\u00e4ndischer Zuschnitt nach Taschenmodell<\/span><\/p><p><span class=\"step-num\"><span style=\"color: #1e4d2b;\">04<\/span>\u00a0 \u00a0\u00a0<\/span><span class=\"step-text\">N\u00e4harbeiten &amp; individuelle Ausstattung<\/span><\/p><p><span class=\"step-num\"><span style=\"color: #1e4d2b;\">05<\/span>\u00a0 \u00a0\u00a0<\/span><span class=\"step-text\">Branding-Aufbringung &amp; Qualit\u00e4tskontrolle<\/span><\/p><p><span class=\"step-num\"><span style=\"color: #1e4d2b;\">06<\/span>\u00a0 \u00a0\u00a0<\/span><span class=\"step-text\">Verpackung &amp; Versand per DHL \/ Spedition<\/span><\/p>\t\t\t\t\t\t\t\t<\/div>\n\t\t\t\t<\/div>\n\t\t\t\t<\/div>\n\t\t\t\t\t<\/div>\n\t\t\t\t<\/div>\n\t\t\t\t\t<\/div>\n\t\t\t\t<\/div>\n\t\t\t\t<\/div>\n\t\t<div class=\"elementor-element elementor-element-1055940 e-flex e-con-boxed e-con e-parent\" data-id=\"1055940\" data-element_type=\"container\" data-e-type=\"container\" data-settings=\"{&quot;background_background&quot;:&quot;classic&quot;}\">\n\t\t\t\t\t<div class=\"e-con-inner\">\n\t\t<div class=\"elementor-element elementor-element-ad21cf0 e-con-full e-flex e-con e-child\" data-id=\"ad21cf0\" data-element_type=\"container\" data-e-type=\"container\">\n\t\t\t\t<div class=\"elementor-element elementor-element-963bbe1 elementor-widget elementor-widget-heading\" data-id=\"963bbe1\" data-element_type=\"widget\" data-e-type=\"widget\" data-widget_type=\"heading.default\">\n\t\t\t\t\t<p class=\"elementor-heading-title elementor-size-default\">Unsere Werte<\/p>\t\t\t\t<\/div>\n\t\t\t\t<div class=\"elementor-element elementor-element-1694941 elementor-widget elementor-widget-heading\" data-id=\"1694941\" data-element_type=\"widget\" data-e-type=\"widget\" data-widget_type=\"heading.default\">\n\t\t\t\t\t<h2 class=\"elementor-heading-title elementor-size-default\">Was uns antreibt - seit Tag eins. <\/h2>\t\t\t\t<\/div>\n\t\t\t\t<div class=\"elementor-element elementor-element-a362c70 elementor-widget elementor-widget-text-editor\" data-id=\"a362c70\" data-element_type=\"widget\" data-e-type=\"widget\" data-widget_type=\"text-editor.default\">\n\t\t\t\t\t\t\t\t\t<p>Upcycling als Herzensangelegenheit<\/p>\t\t\t\t\t\t\t\t<\/div>\n\t\t\t\t<div class=\"elementor-element elementor-element-654d281 elementor-widget elementor-widget-text-editor\" data-id=\"654d281\" data-element_type=\"widget\" data-e-type=\"widget\" data-widget_type=\"text-editor.default\">\n\t\t\t\t\t\t\t\t\t<p>Unsere Taschen tragen die Geschichten ihrer Vornutzung sichtbar in sich \u2013 jeder Banner, jede Plane erz\u00e4hlt von Festivals, Messen und Veranstaltungen oder war jahrelang auf den Stra\u00dfen unterwegs.<\/p>\t\t\t\t\t\t\t\t<\/div>\n\t\t\t\t<\/div>\n\t\t<div class=\"elementor-element elementor-element-0403878 e-con-full e-flex e-con e-child\" data-id=\"0403878\" data-element_type=\"container\" data-e-type=\"container\">\n\t\t<div class=\"elementor-element elementor-element-4b0f7ab e-con-full e-flex e-con e-child\" data-id=\"4b0f7ab\" data-element_type=\"container\" data-e-type=\"container\" data-settings=\"{&quot;background_background&quot;:&quot;classic&quot;}\">\n\t\t\t\t<div class=\"elementor-element elementor-element-d369990 elementor-widget elementor-widget-image\" data-id=\"d369990\" data-element_type=\"widget\" data-e-type=\"widget\" data-widget_type=\"image.default\">\n\t\t\t\t\t\t\t\t\t\t\t\t\t\t\t<img decoding=\"async\" src=\"https:\/\/recyclingbags.de\/wp-content\/uploads\/elementor\/thumbs\/recycling-icon2-rqdx2k03zxy47bm1mx6x7s4a8xdwllt254g42luakk.webp\" title=\"recycling-icon2\" alt=\"Recycling Icon\" loading=\"lazy\" \/>\t\t\t\t\t\t\t\t\t\t\t\t\t\t\t<\/div>\n\t\t\t\t<div class=\"elementor-element elementor-element-b86d560 elementor-widget elementor-widget-heading\" data-id=\"b86d560\" data-element_type=\"widget\" data-e-type=\"widget\" data-widget_type=\"heading.default\">\n\t\t\t\t\t<h2 class=\"elementor-heading-title elementor-size-default\">Upcycling statt Entsorgung<\/h2>\t\t\t\t<\/div>\n\t\t\t\t<div class=\"elementor-element elementor-element-aa345fd elementor-widget elementor-widget-text-editor\" data-id=\"aa345fd\" data-element_type=\"widget\" data-e-type=\"widget\" data-widget_type=\"text-editor.default\">\n\t\t\t\t\t\t\t\t\t<p>Wir glauben, dass hochwertiges Material ein zweites Leben verdient. Jede Tasche ist der Beweis, dass Nachhaltigkeit und Qualit\u00e4t kein Widerspruch sind.<\/p>\t\t\t\t\t\t\t\t<\/div>\n\t\t\t\t<\/div>\n\t\t<div class=\"elementor-element elementor-element-1b1b892 e-con-full e-flex e-con e-child\" data-id=\"1b1b892\" data-element_type=\"container\" data-e-type=\"container\" data-settings=\"{&quot;background_background&quot;:&quot;classic&quot;}\">\n\t\t\t\t<div class=\"elementor-element elementor-element-f9509df elementor-widget elementor-widget-image\" data-id=\"f9509df\" data-element_type=\"widget\" data-e-type=\"widget\" data-widget_type=\"image.default\">\n\t\t\t\t\t\t\t\t\t\t\t\t\t\t\t<img decoding=\"async\" src=\"https:\/\/recyclingbags.de\/wp-content\/uploads\/elementor\/thumbs\/naehmaschine-icon-rqdx2h6lffu98hq53dz1iatwgrrsyihv4qhnmryh38.webp\" title=\"naehmaschine-icon\" alt=\"naehmaschine-icon\" loading=\"lazy\" \/>\t\t\t\t\t\t\t\t\t\t\t\t\t\t\t<\/div>\n\t\t\t\t<div class=\"elementor-element elementor-element-87e8ee1 elementor-widget elementor-widget-heading\" data-id=\"87e8ee1\" data-element_type=\"widget\" data-e-type=\"widget\" data-widget_type=\"heading.default\">\n\t\t\t\t\t<h2 class=\"elementor-heading-title elementor-size-default\">Handwerk statt Massenware<\/h2>\t\t\t\t<\/div>\n\t\t\t\t<div class=\"elementor-element elementor-element-2e86050 elementor-widget elementor-widget-text-editor\" data-id=\"2e86050\" data-element_type=\"widget\" data-e-type=\"widget\" data-widget_type=\"text-editor.default\">\n\t\t\t\t\t\t\t\t\t<p>Kein Produkt bei uns kommt vom Band. Jeder Zuschnitt, jede Naht, jedes St\u00fcck entsteht in Handarbeit \u2013 das sieht man und das sp\u00fcrt man.<\/p>\t\t\t\t\t\t\t\t<\/div>\n\t\t\t\t<\/div>\n\t\t<div class=\"elementor-element elementor-element-79232c0 e-con-full e-flex e-con e-child\" data-id=\"79232c0\" data-element_type=\"container\" data-e-type=\"container\" data-settings=\"{&quot;background_background&quot;:&quot;classic&quot;}\">\n\t\t\t\t<div class=\"elementor-element elementor-element-4d1732d elementor-widget elementor-widget-image\" data-id=\"4d1732d\" data-element_type=\"widget\" data-e-type=\"widget\" data-widget_type=\"image.default\">\n\t\t\t\t\t\t\t\t\t\t\t\t\t\t\t<img decoding=\"async\" src=\"https:\/\/recyclingbags.de\/wp-content\/uploads\/elementor\/thumbs\/taschen-icon-rqdx2cheh9ntmfwyutxwnu0lhueyw0z7g3888e5fyc.webp\" title=\"taschen-icon\" alt=\"recyclingbags.de Taschen Icon\" loading=\"lazy\" \/>\t\t\t\t\t\t\t\t\t\t\t\t\t\t\t<\/div>\n\t\t\t\t<div class=\"elementor-element elementor-element-3ce2a9f elementor-widget elementor-widget-heading\" data-id=\"3ce2a9f\" data-element_type=\"widget\" data-e-type=\"widget\" data-widget_type=\"heading.default\">\n\t\t\t\t\t<h2 class=\"elementor-heading-title elementor-size-default\">Unikate statt von der Stange<\/h2>\t\t\t\t<\/div>\n\t\t\t\t<div class=\"elementor-element elementor-element-4243185 elementor-widget elementor-widget-text-editor\" data-id=\"4243185\" data-element_type=\"widget\" data-e-type=\"widget\" data-widget_type=\"text-editor.default\">\n\t\t\t\t\t\t\t\t\t<p>Weil das Ausgangsmaterial jedes Mal anders ist, ist auch jede Tasche anders. Das ist kein Fehler \u2013 das ist das Konzept. Limitiert. Einzigartig. Mit Vorgeschichte.<\/p>\t\t\t\t\t\t\t\t<\/div>\n\t\t\t\t<\/div>\n\t\t<div class=\"elementor-element elementor-element-9e02278 e-con-full e-flex e-con e-child\" data-id=\"9e02278\" data-element_type=\"container\" data-e-type=\"container\" data-settings=\"{&quot;background_background&quot;:&quot;classic&quot;}\">\n\t\t\t\t<div class=\"elementor-element elementor-element-5e393cb elementor-widget elementor-widget-image\" data-id=\"5e393cb\" data-element_type=\"widget\" data-e-type=\"widget\" data-widget_type=\"image.default\">\n\t\t\t\t\t\t\t\t\t\t\t\t\t\t\t<img decoding=\"async\" src=\"https:\/\/recyclingbags.de\/wp-content\/uploads\/elementor\/thumbs\/recyclingbags-transparent-icon-rqdx29nvwrjynm12baq0ycq7posv8xo0fp9rsk9mh0.webp\" title=\"recyclingbags-transparent-icon\" alt=\"recyclingbags-transparent-icon\" loading=\"lazy\" \/>\t\t\t\t\t\t\t\t\t\t\t\t\t\t\t<\/div>\n\t\t\t\t<div class=\"elementor-element elementor-element-b5b5d87 elementor-widget elementor-widget-heading\" data-id=\"b5b5d87\" data-element_type=\"widget\" data-e-type=\"widget\" data-widget_type=\"heading.default\">\n\t\t\t\t\t<h2 class=\"elementor-heading-title elementor-size-default\">Transparenz - kein Greenwashing<\/h2>\t\t\t\t<\/div>\n\t\t\t\t<div class=\"elementor-element elementor-element-81bcb81 elementor-widget elementor-widget-text-editor\" data-id=\"81bcb81\" data-element_type=\"widget\" data-e-type=\"widget\" data-widget_type=\"text-editor.default\">\n\t\t\t\t\t\t\t\t\t<p>Transparenz bedeutet f\u00fcr uns: offene Kommunikation, nachvollziehbare Prozesse und ehrliche Einblicke in unsere Produktion.<br data-start=\"123\" data-end=\"126\" \/><br \/><\/p>\t\t\t\t\t\t\t\t<\/div>\n\t\t\t\t<\/div>\n\t\t\t\t<\/div>\n\t\t\t\t\t<\/div>\n\t\t\t\t<\/div>\n\t\t<div class=\"elementor-element elementor-element-4a4696b e-con-full e-flex e-con e-parent\" data-id=\"4a4696b\" data-element_type=\"container\" data-e-type=\"container\" data-settings=\"{&quot;background_background&quot;:&quot;gradient&quot;}\">\n\t\t\t\t<div class=\"elementor-element elementor-element-6d1b530 elementor-widget elementor-widget-heading\" data-id=\"6d1b530\" data-element_type=\"widget\" data-e-type=\"widget\" data-widget_type=\"heading.default\">\n\t\t\t\t\t<h2 class=\"elementor-heading-title elementor-size-default\">Gemeinsam nachhaltiger werden<\/h2>\t\t\t\t<\/div>\n\t\t\t\t<div class=\"elementor-element elementor-element-7bca84e elementor-widget elementor-widget-text-editor\" data-id=\"7bca84e\" data-element_type=\"widget\" data-e-type=\"widget\" data-widget_type=\"text-editor.default\">\n\t\t\t\t\t\t\t\t\t<p>Du hast Materialien, die ein zweites Leben verdienen? Oder Du suchst ein besonderes nachhaltiges Unternehmensgeschenk? Sprich uns an!<\/p>\t\t\t\t\t\t\t\t<\/div>\n\t\t<div class=\"elementor-element elementor-element-a8c8142 e-flex e-con-boxed e-con e-child\" data-id=\"a8c8142\" data-element_type=\"container\" data-e-type=\"container\">\n\t\t\t\t\t<div class=\"e-con-inner\">\n\t\t\t\t<div class=\"elementor-element elementor-element-81670a5 elementor-align-center elementor-widget elementor-widget-button\" data-id=\"81670a5\" data-element_type=\"widget\" data-e-type=\"widget\" data-widget_type=\"button.default\">\n\t\t\t\t\t\t\t\t\t\t<a class=\"elementor-button elementor-button-link elementor-size-sm\" href=\"\/kontakt\">\n\t\t\t\t\t\t<span class=\"elementor-button-content-wrapper\">\n\t\t\t\t\t\t\t\t\t<span class=\"elementor-button-text\">Jetzt Kontakt aufnehmen<\/span>\n\t\t\t\t\t<\/span>\n\t\t\t\t\t<\/a>\n\t\t\t\t\t\t\t\t<\/div>\n\t\t\t\t<div class=\"elementor-element elementor-element-81404eb elementor-align-center elementor-button-default elementor-widget elementor-widget-button\" data-id=\"81404eb\" data-element_type=\"widget\" data-e-type=\"widget\" data-widget_type=\"button.default\">\n\t\t\t\t\t\t\t\t\t\t<a class=\"elementor-button elementor-button-link elementor-size-sm\" href=\"\/unsere-taschenmodelle\">\n\t\t\t\t\t\t<span class=\"elementor-button-content-wrapper\">\n\t\t\t\t\t\t\t\t\t<span class=\"elementor-button-text\">Unsere Taschen entdecken<\/span>\n\t\t\t\t\t<\/span>\n\t\t\t\t\t<\/a>\n\t\t\t\t\t\t\t\t<\/div>\n\t\t\t\t\t<\/div>\n\t\t\t\t<\/div>\n\t\t\t\t<\/div>\n\t\t\t\t<\/div>\n\t\t","protected":false},"excerpt":{"rendered":"<p>\u00dcber uns Wir machen aus Ausgedientem etwas Wertvolles. Seit 2004 verwandeln wir ausgediente Werbematerialien in hochwertige Upcycling-Taschen \u2013 handgefertigt, nachhaltig und jedes St\u00fcck ein Unikat. 20+ Jahre Erfahrung im Upcycling 500k+ ProduzierteUnikat-Taschen 97% Recyclinganteil Originalbilder aus 2005. Die ersten Unikate aus Armee- und Lkw-Planen Die Geschichte Gegr\u00fcndet 2004 Eine Idee aus dem Studium. Eine Firma [&hellip;]<\/p>\n","protected":false},"author":1,"featured_media":0,"parent":0,"menu_order":0,"comment_status":"closed","ping_status":"closed","template":"","meta":{"footnotes":""},"class_list":["post-2947","page","type-page","status-publish","hentry"],"_links":{"self":[{"href":"https:\/\/recyclingbags.de\/en\/wp-json\/wp\/v2\/pages\/2947","targetHints":{"allow":["GET"]}}],"collection":[{"href":"https:\/\/recyclingbags.de\/en\/wp-json\/wp\/v2\/pages"}],"about":[{"href":"https:\/\/recyclingbags.de\/en\/wp-json\/wp\/v2\/types\/page"}],"author":[{"embeddable":true,"href":"https:\/\/recyclingbags.de\/en\/wp-json\/wp\/v2\/users\/1"}],"replies":[{"embeddable":true,"href":"https:\/\/recyclingbags.de\/en\/wp-json\/wp\/v2\/comments?post=2947"}],"version-history":[{"count":10,"href":"https:\/\/recyclingbags.de\/en\/wp-json\/wp\/v2\/pages\/2947\/revisions"}],"predecessor-version":[{"id":3442,"href":"https:\/\/recyclingbags.de\/en\/wp-json\/wp\/v2\/pages\/2947\/revisions\/3442"}],"wp:attachment":[{"href":"https:\/\/recyclingbags.de\/en\/wp-json\/wp\/v2\/media?parent=2947"}],"curies":[{"name":"wp","href":"https:\/\/api.w.org\/{rel}","templated":true}]}}